{"id":126,"date":"2023-06-27T20:57:30","date_gmt":"2023-06-27T20:57:30","guid":{"rendered":"https:\/\/nadnew.tierarzt-taeuffelen.ch\/?page_id=126"},"modified":"2025-05-13T22:17:32","modified_gmt":"2025-05-13T20:17:32","slug":"adressen","status":"publish","type":"page","link":"https:\/\/seeland-vet.ch\/?page_id=126","title":{"rendered":"Link&#8217;s"},"content":{"rendered":"\n<div class=\"wp-block-group\"><div class=\"wp-block-group__inner-container is-layout-constrained wp-block-group-is-layout-constrained\">\n<h4 class=\"wp-block-heading has-text-color has-link-color wp-elements-f6b010685138b8343b2957bdb2716fa4\" style=\"color:#0a4b60\">N\u00fctzliche Links<\/h4>\n\n\n\n<p><a rel=\"noreferrer noopener\" href=\"https:\/\/www.agate.ch\/portal\/web\/agate\/home\" target=\"_blank\">AGATE<\/a><\/p>\n\n\n\n<p><a rel=\"noreferrer noopener\" href=\"https:\/\/www.blv.admin.ch\/blv\/de\/home.html\" target=\"_blank\">Bundesamt f\u00fcr Veterin\u00e4rwesen<\/a><\/p>\n\n\n\n<p><a href=\"https:\/\/www.centravo.ch\/de\/\" target=\"_blank\" rel=\"noreferrer noopener\">Centravo<\/a><\/p>\n\n\n\n<p><a href=\"https:\/\/www.stmz.ch\/\" target=\"_blank\" rel=\"noreferrer noopener\">Tiermeldezentrale<\/a><\/p>\n\n\n\n<p><a href=\"https:\/\/www.swissgenetics.ch\/\" target=\"_blank\" rel=\"noreferrer noopener\">Swissgenetics<\/a><\/p>\n\n\n\n<div style=\"height:20px\" aria-hidden=\"true\" class=\"wp-block-spacer\"><\/div>\n<\/div><\/div>\n\n\n\n<div class=\"wp-block-group\"><div class=\"wp-block-group__inner-container is-layout-constrained wp-block-group-is-layout-constrained\">\n<h4 class=\"wp-block-heading has-text-color has-link-color wp-elements-dd0b3451b10319222d3f890d639f4528\" style=\"color:#0a4b60\">Schweine<\/h4>\n\n\n\n<p><a href=\"http:\/\/www.suisag.ch\" target=\"_blank\" rel=\"noreferrer noopener\">Schweine Gesundheitsdienst SGD<\/a><\/p>\n\n\n\n<div style=\"height:20px\" aria-hidden=\"true\" class=\"wp-block-spacer\"><\/div>\n<\/div><\/div>\n\n\n\n<div class=\"wp-block-group\"><div class=\"wp-block-group__inner-container is-layout-constrained wp-block-group-is-layout-constrained\">\n<h4 class=\"wp-block-heading has-text-color has-link-color wp-elements-57d03b6a6bf3f61baf306cc6e924aa5d\" style=\"color:#0a4b60\">Wiederk\u00e4uer<\/h4>\n\n\n\n<p><a href=\"https:\/\/bgk.caprovis.ch\/cms02\/showlinx.asp?id=1&amp;lang=1\" target=\"_blank\" rel=\"noreferrer noopener\">Beratungs- &amp; Gesundheitsdienst f\u00fcr Kleinwiederk\u00e4uer BGK<\/a><\/p>\n\n\n\n<p><a href=\"http:\/\/www.die-fruchtbare-kuh.ch\" target=\"_blank\" rel=\"noreferrer noopener\">Die fruchtbare Kuh<\/a><\/p>\n\n\n\n<p><a rel=\"noreferrer noopener\" href=\"http:\/\/www.rgd.ch\/\" target=\"_blank\">Rinder Gesundheitsdienst RGD<\/a><\/p>\n\n\n\n<div style=\"height:20px\" aria-hidden=\"true\" class=\"wp-block-spacer\"><\/div>\n<\/div><\/div>\n\n\n\n<div class=\"wp-block-group\"><div class=\"wp-block-group__inner-container is-layout-constrained wp-block-group-is-layout-constrained\">\n<h4 class=\"wp-block-heading has-text-color has-link-color wp-elements-79e155c4f3a22d75ba7510013186316d\" style=\"color:#0a4b60\">Pferde \/ Esel<\/h4>\n\n\n\n<p><a href=\"https:\/\/www.fnch.ch\/\" target=\"_blank\" rel=\"noreferrer noopener\">Schweizerischer Verband f\u00fcr Pferdesport SVPS<\/a><\/p>\n\n\n\n<p><a href=\"https:\/\/www.eselfreunde.ch\" target=\"_blank\" rel=\"noreferrer noopener\">Schweizerische Interessengemeinschaft f\u00fcr Eselfreunde SIGEF<\/a><\/p>\n\n\n\n<p><a href=\"https:\/\/www.equi-scope.ch\/de\/index.html\" target=\"_blank\" rel=\"noreferrer noopener\">Verband Schweizerischer Pferdezuchtorganisationen VSP<\/a><\/p>\n\n\n\n<div style=\"height:10px\" aria-hidden=\"true\" class=\"wp-block-spacer\"><\/div>\n<\/div><\/div>\n\n\n\n<div class=\"wp-block-group\"><div class=\"wp-block-group__inner-container is-layout-constrained wp-block-group-is-layout-constrained\">\n<h4 class=\"wp-block-heading has-text-color has-link-color wp-elements-5e5d1741fb610165f220b27d352c3437\" style=\"color:#0a4b60\">Metzgerei<\/h4>\n\n\n\n<p><a href=\"https:\/\/www.winkler-viehhandel.ch\/\" target=\"_blank\" rel=\"noreferrer noopener\">Winkler Lyss<\/a><\/p>\n\n\n\n<p><a rel=\"noreferrer noopener\" href=\"https:\/\/www.butchershop.ch\/\" target=\"_blank\">Kl\u00f6tzli SA Courrendlin<\/a><\/p>\n\n\n\n<div style=\"height:20px\" aria-hidden=\"true\" class=\"wp-block-spacer\"><\/div>\n<\/div><\/div>\n\n\n\n<h4 class=\"wp-block-heading has-text-color has-link-color wp-elements-1a1c0bc1a6c795e70f24c9326d9113eb\" style=\"color:#0a4b60\">Tierspital \/ Kliniken<\/h4>\n\n\n\n<p><a rel=\"noreferrer noopener\" href=\"http:\/\/www.wiederkaeuerklinik.unibe.ch\/index_ger.html\" target=\"_blank\">Wiederk\u00e4uerklinik (Tierspital Bern)<\/a><\/p>\n\n\n\n<p><a href=\"https:\/\/isme.unibe.ch\/\" target=\"_blank\" rel=\"noreferrer noopener\">Pferdeklinik (Tierspital Bern)<\/a><\/p>\n\n\n\n<p><a rel=\"noreferrer noopener\" href=\"http:\/\/www.schweineklinik.unibe.ch\/index_ger.html\" target=\"_blank\">Schweineklinik (Tierspital Bern)<\/a><\/p>\n\n\n\n<div style=\"height:20px\" aria-hidden=\"true\" class=\"wp-block-spacer\"><\/div>\n\n\n\n<div class=\"wp-block-group\"><div class=\"wp-block-group__inner-container is-layout-constrained wp-block-group-is-layout-constrained\">\n<h4 class=\"wp-block-heading has-text-color has-link-color wp-elements-1f5d2e137fef2384172d7383b0242f60\" style=\"color:#0a4b60\">Wildh\u00fcter<\/h4>\n\n\n\n<p><a href=\"https:\/\/www.weu.be.ch\/de\/start\/themen\/jagd-fischerei\/jagd-wildtiere\/wildhueter-finden.html\">Wildh\u00fcter in der Region<\/a><\/p>\n\n\n\n<div style=\"height:20px\" aria-hidden=\"true\" class=\"wp-block-spacer\"><\/div>\n<\/div><\/div>\n","protected":false},"excerpt":{"rendered":"<p>N\u00fctzliche Links AGATE Bundesamt f\u00fcr Veterin\u00e4rwesen Centravo Tiermeldezentrale Swissgenetics Schweine Schweine Gesundheitsdienst SGD Wiederk\u00e4uer Beratungs- &amp; Gesundheitsdienst f\u00fcr Kleinwiederk\u00e4uer BGK Die fruchtbare Kuh Rinder Gesundheitsdienst RGD Pferde \/ Esel Schweizerischer Verband f\u00fcr Pferdesport SVPS Schweizerische Interessengemeinschaft f\u00fcr Eselfreunde SIGEF Verband Schweizerischer Pferdezuchtorganisationen VSP Metzgerei Winkler Lyss Kl\u00f6tzli SA Courrendlin Tierspital \/ Kliniken Wiederk\u00e4uerklinik (Tierspital Bern) [&hellip;]<\/p>\n","protected":false},"author":1,"featured_media":0,"parent":0,"menu_order":0,"comment_status":"closed","ping_status":"closed","template":"templates\/template-full-width.php","meta":{"footnotes":""},"class_list":["post-126","page","type-page","status-publish","hentry"],"_links":{"self":[{"href":"https:\/\/seeland-vet.ch\/index.php?rest_route=\/wp\/v2\/pages\/126","targetHints":{"allow":["GET"]}}],"collection":[{"href":"https:\/\/seeland-vet.ch\/index.php?rest_route=\/wp\/v2\/pages"}],"about":[{"href":"https:\/\/seeland-vet.ch\/index.php?rest_route=\/wp\/v2\/types\/page"}],"author":[{"embeddable":true,"href":"https:\/\/seeland-vet.ch\/index.php?rest_route=\/wp\/v2\/users\/1"}],"replies":[{"embeddable":true,"href":"https:\/\/seeland-vet.ch\/index.php?rest_route=%2Fwp%2Fv2%2Fcomments&post=126"}],"version-history":[{"count":14,"href":"https:\/\/seeland-vet.ch\/index.php?rest_route=\/wp\/v2\/pages\/126\/revisions"}],"predecessor-version":[{"id":719,"href":"https:\/\/seeland-vet.ch\/index.php?rest_route=\/wp\/v2\/pages\/126\/revisions\/719"}],"wp:attachment":[{"href":"https:\/\/seeland-vet.ch\/index.php?rest_route=%2Fwp%2Fv2%2Fmedia&parent=126"}],"curies":[{"name":"wp","href":"https:\/\/api.w.org\/{rel}","templated":true}]}}